{"id":40154,"date":"2024-07-07T10:34:26","date_gmt":"2024-07-07T10:34:26","guid":{"rendered":"https:\/\/fondazionerezza.it\/?page_id=40154"},"modified":"2024-07-07T13:20:44","modified_gmt":"2024-07-07T13:20:44","slug":"jean-marie-gervais","status":"publish","type":"page","link":"https:\/\/fondazionerezza.it\/en\/jean-marie-gervais\/","title":{"rendered":"Mons. Jean-Marie Fernand \u00c9lie Gervais"},"content":{"rendered":"<div data-elementor-type=\"wp-page\" data-elementor-id=\"40154\" class=\"elementor elementor-40154\">\n\t\t\t\t<div class=\"elementor-element elementor-element-bd093e1 e-flex e-con-boxed cmsmasters-bg-hide-none cmsmasters-bg-hide-none cmsmasters-block-default e-con e-parent\" data-id=\"bd093e1\" data-element_type=\"container\" data-settings=\"{&quot;background_background&quot;:&quot;classic&quot;}\">\n\t\t\t\t\t<div class=\"e-con-inner\">\n\t\t\t\t<div class=\"elementor-element elementor-element-2478010 cmsmasters-block-default cmsmasters-sticky-default elementor-widget elementor-widget-heading\" data-id=\"2478010\" data-element_type=\"widget\" data-widget_type=\"heading.default\">\n\t\t\t\t<div class=\"elementor-widget-container\">\n\t\t\t\t\t<h1 class=\"elementor-heading-title elementor-size-default\">Archives<\/h1>\t\t\t\t<\/div>\n\t\t\t\t<\/div>\n\t\t\t\t<div class=\"elementor-element elementor-element-5653baf cmsmasters-breadcrumbs-type-cmsmasters cmsmasters-separator-type-text cmsmasters-block-default cmsmasters-sticky-default elementor-widget elementor-widget-cmsmasters-breadcrumbs cmsmasters-widget-breadcrumbs\" data-id=\"5653baf\" data-element_type=\"widget\" data-widget_type=\"cmsmasters-breadcrumbs.default\">\n\t\t\t\t<div class=\"elementor-widget-container\">\n\t\t\t\t\t<div class=\"cmsmasters-widget-breadcrumbs__container\"><div class=\"cmsmasters-widget-breadcrumbs__content\"><a href=\"https:\/\/fondazionerezza.it\/en\/\" class=\"cmsmasters-home\">Home<\/a><span class=\"cmsmasters-widget-breadcrumbs__sep\"><span>\u2502<\/span><\/span><span>No breadcrumbs<\/span><\/div><\/div>\t\t\t\t<\/div>\n\t\t\t\t<\/div>\n\t\t\t\t\t<\/div>\n\t\t\t\t<\/div>\n\t\t<section class=\"elementor-element elementor-element-d2459aa e-con-full e-flex cmsmasters-block-default e-con e-parent\" data-id=\"d2459aa\" data-element_type=\"container\" data-settings=\"{&quot;background_background&quot;:&quot;classic&quot;}\">\n\t\t<div class=\"elementor-element elementor-element-d8d645b e-con-full e-flex cmsmasters-bg-hide-none cmsmasters-bg-hide-none cmsmasters-block-default e-con e-child\" data-id=\"d8d645b\" data-element_type=\"container\" data-settings=\"{&quot;background_background&quot;:&quot;classic&quot;}\">\n\t\t\t\t<\/div>\n\t\t<div class=\"elementor-element elementor-element-c9e3b38 e-con-full e-flex cmsmasters-block-default e-con e-child\" data-id=\"c9e3b38\" data-element_type=\"container\">\n\t\t<div class=\"elementor-element elementor-element-94b2070 e-flex e-con-boxed cmsmasters-block-default e-con e-child\" data-id=\"94b2070\" data-element_type=\"container\">\n\t\t\t\t\t<div class=\"e-con-inner\">\n\t\t\t\t<div class=\"elementor-element elementor-element-15af4a9 cmsmasters-block-default cmsmasters-sticky-default elementor-widget elementor-widget-heading\" data-id=\"15af4a9\" data-element_type=\"widget\" data-widget_type=\"heading.default\">\n\t\t\t\t<div class=\"elementor-widget-container\">\n\t\t\t\t\t<h2 class=\"elementor-heading-title elementor-size-default\">Mons. Jean-Marie Fernand \u00c9lie Gervais<\/h2>\t\t\t\t<\/div>\n\t\t\t\t<\/div>\n\t\t\t\t<div class=\"elementor-element elementor-element-042f090 cmsmasters-block-default cmsmasters-sticky-default elementor-widget elementor-widget-heading\" data-id=\"042f090\" data-element_type=\"widget\" data-widget_type=\"heading.default\">\n\t\t\t\t<div class=\"elementor-widget-container\">\n\t\t\t\t\t<span class=\"elementor-heading-title elementor-size-default\">Mons. Jean-Marie Gervais, originario della Linguadoca o Occitania (sud della Francia), gi\u00e0 Prefetto Coadiutore del Capitolo della Basilica Papale di San Pietro in Vaticano.\n<br><br>\nHa compiuto studi approfonditi in Storia e Latino a Tolosa, in Linguadoca. Ha conseguito a Strasburgo sia la Licenza in Teologia che il Dottorato Pontificio e Statale di Diritto Canonico.\n<br><br>\nMentre egli completava a Roma gli studi in Archivistica, Paleografia e Diplomatica presso la Scuola Vaticana e il Corso Triennale della Rota Romana, presso il Palazzo della Cancelleria Apostolica, San Giovanni Paolo II, nel 1991, lo accolse nella Curia Romana in veste di Officiale presso la Penitenzieria Apostolica, dapprima come Addetto di Segreteria al Protocollo e all\u2019Archivio della Sezione Tribunale e, solo successivamente, come Aiutante di Studio e Responsabile della Sezione Indulgenze.\n<br><br>\nE\u2019 stato, inoltre, nominato Commissario deputato alla decisione nella \u2018Commissione Speciale per la trattazione delle cause di dispensa dagli obblighi del Presbiterato\u2019, presso la Congregazione del Clero, \u2018Commissario deputato per la trattazione di dispensa dal matrimonio\u2019 (\u201crato et non consumato\u201d), presso la Congregazione per il Culto Divino e la Disciplina dei Sacramenti, e infine, presso la Rota Romana.\n<br><br>\nSan Giovanni Paolo II ha insignito Mons. Gervais del titolo di Cappellano di Sua Santit\u00e0 e lo ha annoverato nel clero della Basilica di San Pietro in Vaticano mentre si era precedentemente messo a disposizione della Diocesi di Mouila in Gabon, alla quale rimane tuttora legato. E\u2019 stato nominato Proto-presbitero dell\u2019Eparchia di Mukachevo, dopo aver contribuito alla costruzione del centro di pellegrinaggio del Beato Martire Teodoro Romzha in Transcarpazia.\n<br><br>\nE\u2019 Commendatore dell\u2019Ordine del Santo Sepolcro di Gerusalemme, Cappellano Commendatore con placca dell\u2019Ordine dell\u2019Immacolata Concezione di Vila Vi\u00e7osa in Portogallo. E\u2019, altres\u00ec, Commendatore dell\u2019Ordine Costantiniano di San Giorgio, dell\u2019Ordine di Danilo I del Montenegro, dell\u2019Ordine di Pakhribas (Nepal), Ufficiale dell\u2019Ordine dei Santi Maurizio e Lazzaro, Cavaliere di Merito della Noble Compa\u00f1ia de Bernardo de G\u00e1lvez.\n<br><br>\nSocio Disinguido de La Real Sociedad de Arm\u00edgeros de Espa\u00f1a, Socio Onorario della Confraternita del Santissimo Sacramento in Vaticano e del Gremio Religioso dei Viandanti di Nostro Signora del Buon Cammino di Sassari, ha dato un valido contributo per il rinnovo delle Confraternite, dei Pii Sodalizi e delle affiliazioni dei Santuari pi\u00f9 importanti nel mondo alle Basiliche Papali dell\u2019Urbe.\n<br><br>\nMons. Gervais ha insegnato per tre anni Diritto Canonico alla scuola di formazione dell\u2019Istituto di Cristo Re, nei pressi di Firenze. Ha dato lezioni e partecipato a conferenze presso la Congregazione dei Legionari di Cristo, la Santa Croce e gli Araldi del Vangelo. E\u2019 Professore Onorario e Membro del Comitato Consultivo dell\u2019Universit\u00e0 di Nuova Spagna a Miami, Accademico di Scienze Sociali dell\u2019Accademia Internazionale di Scienze Sociali di Palm Beach, Accademico Membro Onorario del Senato Accademico dell\u2019Accademia Europea per le Relazioni Economiche e Culturali, Accademico Onorario della Academy of Art and Image, Mecenate della Cultura dell\u2019Istituto della Enciclopedia Italiana Giovanni Treccani.\n<br><br>\nIn preparazione al Grande Giubileo dell\u2019Anno 2000, indetto da San Giovanni Paolo II, \u00e8 stato incaricato dalla Penitenzieria Apostolica di provvedere alla quarta edizione dell\u2019Enchiridion Indulgentiarum. Per conto dell\u2019editrice \u00c1ncora ha pubblicato il libro Giubileo e Indulgenze e una guida pratica per acquistare l\u2019Indulgenza giubilare, tradotta in 16 lingue.\n<br><br>\nNel 2009, in collaborazione con l\u2019Archivio Segreto Vaticano, ha curato l\u2019edizione in lingua francese del libro monumentale Les Archives Secr\u00e8tes du Vatican presso le Edizioni d\u2019Arte VDH\/Books, di Bruxelles.\n<br><br>\nIn occasione dell\u2019Anno della Misericordia, indetto da Papa Francesco nel 2016, ha curato l\u2019edizione dell\u2019Evangeliario del Giubileo Straordinario della Misericordia, pubblicato da Ars Illuminandi (Collezioni Vaticane) e la programmazione della Quinta edizione delle Giornate Leonardiane, \u201cLeonardo a Roma per il Giubileo della Misericordia\u201d, presso il Palazzo della Cancelleria Apostolica.\n<br><br>\nPer il XC\u00b0 anniversario del Papa Emerito, Benedetto XVI, ha curato con il vaticanista Alessandro Notarnicola l\u2019edizione del libro d\u2019arte: Benedetto XVI. L\u2019arte \u00e8 una porta verso l\u2019infinito. Teologia estetica per un nuovo Rinascimento (ed. Ars Illuminandi e Fabrizi Fabbri editore) e organizzato una giornata in omaggio al Papa Emerito e al Maestro Bruno Ceccobelli presso la Sala dei Cento Giorni della Cancelleria Apostolica.\n<br><br>\nHa collaborato con il Pontificio Comitato di Scienze Storiche all\u2019edizione del Lessico di Storia della Chiesa e con la Penitenzieria Apostolica al Dizionario Teologico-Pastorale Peccato Misericordia Riconciliazione.        \n<br><br>\nHa, inoltre, pubblicato su L\u2019Osservatore Romano e su riviste di Diritto Canonico (Periodica, Rivista Ecclesia, Ius Ecclesiae, Radici Cristiane\u2026) numerosi articoli e studi sulle Indulgenze e sugli Archivi.\n<br><br>\nCogliendo l\u2019insegnamento di Papa Francesco sintetizzabile nel motto: \u00abL\u2019arte \u00e8 come la misericordia. Non deve scartare niente e nessuno\u00bb, Mons. Gervais, in occasione dell\u2019Anno della Misericordia, ha fondato l\u2019Associazione Tota Pulchra al fine di onorare la bellezza dell\u2019Arte in quanto manifestazione della Luce Divina nelle potenzialit\u00e0 dell\u2019uomo. L\u2019Associazione Tota Pulchra sostiene gli artisti, specialmente quelli giovani o bisognosi, attraverso importanti eventi e rassegne, perch\u00e9 il senso di appartenenza al bello possa raggiungere tutti verso pi\u00f9 ampi e universali valori.\n<br><br>\nL\u2019Associazione promuove molteplici iniziative di beneficenza a Roma, in Vaticano, in tutta Italia e all\u2019estero, con particolare attenzione al Libano (Monastero di S. Elias di Kahlounieh, dell\u2019Ordine maronita libanese), all\u2019Ucraina (centro di pellegrinaggio del Beato Martire Teodoro Romzha in Transcarpazia) e alla Comunit\u00e0 Congolese di Roma (chiesa Nativit\u00e0 di Ges\u00f9, in Piazza Pasquino).\n<br><br>\nEssa conta, ormai, Delegazioni e Rappresentanti in Brasile, Spagna, Francia, Belgio, Monaco, Austria, Montenegro, Ucraina, Russia, Libano, Iran e India, con l\u2019intento di unire i popoli con l\u2019Arte illuminata dalla Fede.\n<br><br>\nL\u2019Associazione ha un sito web istituzionale: totapulchra.org e un giornale: Tota Pulchra News.<\/span>\t\t\t\t<\/div>\n\t\t\t\t<\/div>\n\t\t\t\t\t<\/div>\n\t\t\t\t<\/div>\n\t\t\t\t<\/div>\n\t\t\t\t<\/section>\n\t\t\t\t<\/div>","protected":false},"excerpt":{"rendered":"<p>Home\u2502No breadcrumbs Mons. Jean-Marie Fernand \u00c9lie Gervais Mons. Jean-Marie Gervais, originario della Linguadoca o Occitania (sud della Francia), gi\u00e0 Prefetto Coadiutore del Capitolo della Basilica Papale di San Pietro in Vaticano. Ha compiuto studi approfonditi in Storia e Latino a Tolosa, in Linguadoca. Ha conseguito a Strasburgo sia la Licenza in Teologia che il Dottorato&#8230;<\/p>","protected":false},"author":1,"featured_media":0,"parent":0,"menu_order":0,"comment_status":"closed","ping_status":"closed","template":"","meta":{"_acf_changed":false,"inline_featured_image":false,"footnotes":""},"class_list":["post-40154","page","type-page","status-publish","hentry"],"acf":[],"yoast_head":"<!-- This site is optimized with the Yoast SEO plugin v26.2 - https:\/\/yoast.com\/wordpress\/plugins\/seo\/ -->\n<title>Mons. Jean-Marie Fernand \u00c9lie Gervais - Fondazione Rezza Pro Cultura et Caritate<\/title>\n<meta name=\"robots\" content=\"index, follow, max-snippet:-1, max-image-preview:large, max-video-preview:-1\" \/>\n<link rel=\"canonical\" href=\"https:\/\/fondazionerezza.it\/en\/jean-marie-gervais\/\" \/>\n<meta property=\"og:locale\" content=\"en_US\" \/>\n<meta property=\"og:type\" content=\"article\" \/>\n<meta property=\"og:title\" content=\"Mons. Jean-Marie Fernand \u00c9lie Gervais - Fondazione Rezza Pro Cultura et Caritate\" \/>\n<meta property=\"og:description\" content=\"Home\u2502No breadcrumbs Mons. Jean-Marie Fernand \u00c9lie Gervais Mons. Jean-Marie Gervais, originario della Linguadoca o Occitania (sud della Francia), gi\u00e0 Prefetto Coadiutore del Capitolo della Basilica Papale di San Pietro in Vaticano. Ha compiuto studi approfonditi in Storia e Latino a Tolosa, in Linguadoca. Ha conseguito a Strasburgo sia la Licenza in Teologia che il Dottorato...\" \/>\n<meta property=\"og:url\" content=\"https:\/\/fondazionerezza.it\/en\/jean-marie-gervais\/\" \/>\n<meta property=\"og:site_name\" content=\"Fondazione Rezza Pro Cultura et Caritate\" \/>\n<meta property=\"article:modified_time\" content=\"2024-07-07T13:20:44+00:00\" \/>\n<meta name=\"twitter:card\" content=\"summary_large_image\" \/>\n<meta name=\"twitter:label1\" content=\"Est. reading time\" \/>\n\t<meta name=\"twitter:data1\" content=\"5 minutes\" \/>\n<script type=\"application\/ld+json\" class=\"yoast-schema-graph\">{\"@context\":\"https:\/\/schema.org\",\"@graph\":[{\"@type\":\"WebPage\",\"@id\":\"https:\/\/fondazionerezza.it\/jean-marie-gervais\/\",\"url\":\"https:\/\/fondazionerezza.it\/jean-marie-gervais\/\",\"name\":\"Mons. Jean-Marie Fernand \u00c9lie Gervais - Fondazione Rezza Pro Cultura et Caritate\",\"isPartOf\":{\"@id\":\"https:\/\/fondazionerezza.it\/#website\"},\"datePublished\":\"2024-07-07T10:34:26+00:00\",\"dateModified\":\"2024-07-07T13:20:44+00:00\",\"breadcrumb\":{\"@id\":\"https:\/\/fondazionerezza.it\/jean-marie-gervais\/#breadcrumb\"},\"inLanguage\":\"en-US\",\"potentialAction\":[{\"@type\":\"ReadAction\",\"target\":[\"https:\/\/fondazionerezza.it\/jean-marie-gervais\/\"]}]},{\"@type\":\"BreadcrumbList\",\"@id\":\"https:\/\/fondazionerezza.it\/jean-marie-gervais\/#breadcrumb\",\"itemListElement\":[{\"@type\":\"ListItem\",\"position\":1,\"name\":\"Home\",\"item\":\"https:\/\/fondazionerezza.it\/\"},{\"@type\":\"ListItem\",\"position\":2,\"name\":\"Mons. Jean-Marie Fernand \u00c9lie Gervais\"}]},{\"@type\":\"WebSite\",\"@id\":\"https:\/\/fondazionerezza.it\/#website\",\"url\":\"https:\/\/fondazionerezza.it\/\",\"name\":\"Fondazione Rezza Pro Cultura et Caritate\",\"description\":\"Promuoviamo cultura e carit\u00e0 per il bene comune\",\"potentialAction\":[{\"@type\":\"SearchAction\",\"target\":{\"@type\":\"EntryPoint\",\"urlTemplate\":\"https:\/\/fondazionerezza.it\/?s={search_term_string}\"},\"query-input\":{\"@type\":\"PropertyValueSpecification\",\"valueRequired\":true,\"valueName\":\"search_term_string\"}}],\"inLanguage\":\"en-US\"}]}<\/script>\n<!-- \/ Yoast SEO plugin. -->","yoast_head_json":{"title":"Mons. Jean-Marie Fernand \u00c9lie Gervais - Fondazione Rezza Pro Cultura et Caritate","robots":{"index":"index","follow":"follow","max-snippet":"max-snippet:-1","max-image-preview":"max-image-preview:large","max-video-preview":"max-video-preview:-1"},"canonical":"https:\/\/fondazionerezza.it\/en\/jean-marie-gervais\/","og_locale":"en_US","og_type":"article","og_title":"Mons. Jean-Marie Fernand \u00c9lie Gervais - Fondazione Rezza Pro Cultura et Caritate","og_description":"Home\u2502No breadcrumbs Mons. Jean-Marie Fernand \u00c9lie Gervais Mons. Jean-Marie Gervais, originario della Linguadoca o Occitania (sud della Francia), gi\u00e0 Prefetto Coadiutore del Capitolo della Basilica Papale di San Pietro in Vaticano. Ha compiuto studi approfonditi in Storia e Latino a Tolosa, in Linguadoca. Ha conseguito a Strasburgo sia la Licenza in Teologia che il Dottorato...","og_url":"https:\/\/fondazionerezza.it\/en\/jean-marie-gervais\/","og_site_name":"Fondazione Rezza Pro Cultura et Caritate","article_modified_time":"2024-07-07T13:20:44+00:00","twitter_card":"summary_large_image","twitter_misc":{"Est. reading time":"5 minutes"},"schema":{"@context":"https:\/\/schema.org","@graph":[{"@type":"WebPage","@id":"https:\/\/fondazionerezza.it\/jean-marie-gervais\/","url":"https:\/\/fondazionerezza.it\/jean-marie-gervais\/","name":"Mons. Jean-Marie Fernand \u00c9lie Gervais - Fondazione Rezza Pro Cultura et Caritate","isPartOf":{"@id":"https:\/\/fondazionerezza.it\/#website"},"datePublished":"2024-07-07T10:34:26+00:00","dateModified":"2024-07-07T13:20:44+00:00","breadcrumb":{"@id":"https:\/\/fondazionerezza.it\/jean-marie-gervais\/#breadcrumb"},"inLanguage":"en-US","potentialAction":[{"@type":"ReadAction","target":["https:\/\/fondazionerezza.it\/jean-marie-gervais\/"]}]},{"@type":"BreadcrumbList","@id":"https:\/\/fondazionerezza.it\/jean-marie-gervais\/#breadcrumb","itemListElement":[{"@type":"ListItem","position":1,"name":"Home","item":"https:\/\/fondazionerezza.it\/"},{"@type":"ListItem","position":2,"name":"Mons. Jean-Marie Fernand \u00c9lie Gervais"}]},{"@type":"WebSite","@id":"https:\/\/fondazionerezza.it\/#website","url":"https:\/\/fondazionerezza.it\/","name":"Rezza Foundation - Pro Cultura et Caritate","description":"We promote culture and charity for the common good","potentialAction":[{"@type":"SearchAction","target":{"@type":"EntryPoint","urlTemplate":"https:\/\/fondazionerezza.it\/?s={search_term_string}"},"query-input":{"@type":"PropertyValueSpecification","valueRequired":true,"valueName":"search_term_string"}}],"inLanguage":"en-US"}]}},"_links":{"self":[{"href":"https:\/\/fondazionerezza.it\/en\/wp-json\/wp\/v2\/pages\/40154","targetHints":{"allow":["GET"]}}],"collection":[{"href":"https:\/\/fondazionerezza.it\/en\/wp-json\/wp\/v2\/pages"}],"about":[{"href":"https:\/\/fondazionerezza.it\/en\/wp-json\/wp\/v2\/types\/page"}],"author":[{"embeddable":true,"href":"https:\/\/fondazionerezza.it\/en\/wp-json\/wp\/v2\/users\/1"}],"replies":[{"embeddable":true,"href":"https:\/\/fondazionerezza.it\/en\/wp-json\/wp\/v2\/comments?post=40154"}],"version-history":[{"count":11,"href":"https:\/\/fondazionerezza.it\/en\/wp-json\/wp\/v2\/pages\/40154\/revisions"}],"predecessor-version":[{"id":40172,"href":"https:\/\/fondazionerezza.it\/en\/wp-json\/wp\/v2\/pages\/40154\/revisions\/40172"}],"wp:attachment":[{"href":"https:\/\/fondazionerezza.it\/en\/wp-json\/wp\/v2\/media?parent=40154"}],"curies":[{"name":"wp","href":"https:\/\/api.w.org\/{rel}","templated":true}]}}