{"id":26543,"date":"2023-12-05T13:32:28","date_gmt":"2023-12-05T13:32:28","guid":{"rendered":"https:\/\/theme-dev.cmsmasters.net\/church-main\/about-us\/"},"modified":"2025-07-16T17:49:19","modified_gmt":"2025-07-16T17:49:19","slug":"chi-siamo","status":"publish","type":"page","link":"https:\/\/fondazionerezza.it\/en\/chi-siamo\/","title":{"rendered":"Who We Are"},"content":{"rendered":"<div data-elementor-type=\"wp-page\" data-elementor-id=\"26543\" class=\"elementor elementor-26543\">\n\t\t\t\t<div class=\"elementor-element elementor-element-bd093e1 e-flex e-con-boxed cmsmasters-bg-hide-none cmsmasters-bg-hide-none cmsmasters-block-default e-con e-parent\" data-id=\"bd093e1\" data-element_type=\"container\" data-settings=\"{&quot;background_background&quot;:&quot;classic&quot;}\">\n\t\t\t\t\t<div class=\"e-con-inner\">\n\t\t\t\t<div class=\"elementor-element elementor-element-2478010 cmsmasters-block-default cmsmasters-sticky-default elementor-widget elementor-widget-heading\" data-id=\"2478010\" data-element_type=\"widget\" data-widget_type=\"heading.default\">\n\t\t\t\t<div class=\"elementor-widget-container\">\n\t\t\t\t\t<h1 class=\"elementor-heading-title elementor-size-default\">Archives<\/h1>\t\t\t\t<\/div>\n\t\t\t\t<\/div>\n\t\t\t\t<div class=\"elementor-element elementor-element-5653baf cmsmasters-breadcrumbs-type-cmsmasters cmsmasters-separator-type-text cmsmasters-block-default cmsmasters-sticky-default elementor-widget elementor-widget-cmsmasters-breadcrumbs cmsmasters-widget-breadcrumbs\" data-id=\"5653baf\" data-element_type=\"widget\" data-widget_type=\"cmsmasters-breadcrumbs.default\">\n\t\t\t\t<div class=\"elementor-widget-container\">\n\t\t\t\t\t<div class=\"cmsmasters-widget-breadcrumbs__container\"><div class=\"cmsmasters-widget-breadcrumbs__content\"><a href=\"https:\/\/fondazionerezza.it\/en\/\" class=\"cmsmasters-home\">Home<\/a><span class=\"cmsmasters-widget-breadcrumbs__sep\"><span>\u2502<\/span><\/span><span>No breadcrumbs<\/span><\/div><\/div>\t\t\t\t<\/div>\n\t\t\t\t<\/div>\n\t\t\t\t\t<\/div>\n\t\t\t\t<\/div>\n\t\t<div class=\"elementor-element elementor-element-875fdd6 e-flex e-con-boxed cmsmasters-block-default e-con e-parent\" data-id=\"875fdd6\" data-element_type=\"container\">\n\t\t\t\t\t<div class=\"e-con-inner\">\n\t\t<div class=\"elementor-element elementor-element-b3f6a49 e-con-full e-flex cmsmasters-block-default e-con e-child\" data-id=\"b3f6a49\" data-element_type=\"container\">\n\t\t\t\t<div class=\"elementor-element elementor-element-097f947 cmsmasters-block-default cmsmasters-sticky-default elementor-widget elementor-widget-image\" data-id=\"097f947\" data-element_type=\"widget\" data-widget_type=\"image.default\">\n\t\t\t\t<div class=\"elementor-widget-container\">\n\t\t\t\t\t\t\t\t\t\t\t\t\t\t\t<img fetchpriority=\"high\" decoding=\"async\" width=\"768\" height=\"730\" src=\"https:\/\/fondazionerezza.it\/wp-content\/uploads\/2024\/07\/home-7-30x29.webp\" class=\"attachment-full size-full wp-image-39831 cmsmasters_img cmsmasters-lazyload lazyload\" alt=\"\" data-sizes=\"(max-width: 768px) 100vw, 768px\" data-src=\"https:\/\/fondazionerezza.it\/wp-content\/uploads\/2024\/07\/home-7.webp\" data-srcset=\"https:\/\/fondazionerezza.it\/wp-content\/uploads\/2024\/07\/home-7.webp 768w, https:\/\/fondazionerezza.it\/wp-content\/uploads\/2024\/07\/home-7-300x285.webp 300w, https:\/\/fondazionerezza.it\/wp-content\/uploads\/2024\/07\/home-7-316x300.webp 316w, https:\/\/fondazionerezza.it\/wp-content\/uploads\/2024\/07\/home-7-600x570.webp 600w, https:\/\/fondazionerezza.it\/wp-content\/uploads\/2024\/07\/home-7-30x30.webp 30w, https:\/\/fondazionerezza.it\/wp-content\/uploads\/2024\/07\/home-7-11x10.webp 11w\" srcset=\"https:\/\/fondazionerezza.it\/wp-content\/uploads\/2024\/07\/home-7-30x30.webp 30w, https:\/\/fondazionerezza.it\/wp-content\/uploads\/2024\/07\/home-7-300x285.webp 300w, https:\/\/fondazionerezza.it\/wp-content\/uploads\/2024\/07\/home-7-316x300.webp 316w, https:\/\/fondazionerezza.it\/wp-content\/uploads\/2024\/07\/home-7-600x570.webp 600w, https:\/\/fondazionerezza.it\/wp-content\/uploads\/2024\/07\/home-7-11x10.webp 11w, https:\/\/fondazionerezza.it\/wp-content\/uploads\/2024\/07\/home-7.webp 768w\" sizes=\"(max-width: 768px) 100vw, 768px\" \/>\t\t\t\t\t\t\t\t\t\t\t\t\t\t\t<\/div>\n\t\t\t\t<\/div>\n\t\t\t\t<\/div>\n\t\t<div class=\"elementor-element elementor-element-64e965b e-con-full e-flex cmsmasters-block-default e-con e-child\" data-id=\"64e965b\" data-element_type=\"container\">\n\t\t\t\t<div class=\"elementor-element elementor-element-e8c7910 cmsmasters-block-default cmsmasters-sticky-default elementor-widget elementor-widget-heading\" data-id=\"e8c7910\" data-element_type=\"widget\" data-widget_type=\"heading.default\">\n\t\t\t\t<div class=\"elementor-widget-container\">\n\t\t\t\t\t<h2 class=\"elementor-heading-title elementor-size-default\">Our Mission: to Culture and Charity in Action<\/h2>\t\t\t\t<\/div>\n\t\t\t\t<\/div>\n\t\t\t\t<div class=\"elementor-element elementor-element-b042f87 cmsmasters-block-default cmsmasters-sticky-default elementor-widget elementor-widget-text-editor\" data-id=\"b042f87\" data-element_type=\"widget\" data-widget_type=\"text-editor.default\">\n\t\t\t\t<div class=\"elementor-widget-container\">\n\t\t\t\t\t\t\t\t\t<p>The Rezza Foundation \u2013 Pro Cultura et Caritate, established at the behest of Prof. Msgr. Dario Rezza, a scholar and a canon of the Chapter of St Peter\u2019s Basilica, is a non-profit organization devoted exclusively to charitable purposes. Composed of fellow canons of the Chapter and collaborators of Msgr. Rezza, it is active in the Catholic Church\u2019s charitable initiatives and promotes the delivery of humanitarian aid to underdeveloped and disadvantaged regions of the world.<\/p><p>Active in educational projects and works of art, the Foundation sponsors and\/or produces cultural events such as conferences, exhibitions, concerts, research, historical, scientific and related publications, recovery and restoration of historic buildings and places of worship, etc.<\/p>\t\t\t\t\t\t\t\t<\/div>\n\t\t\t\t<\/div>\n\t\t\t\t<\/div>\n\t\t\t\t\t<\/div>\n\t\t\t\t<\/div>\n\t\t<div class=\"elementor-element elementor-element-85d76f0 e-flex e-con-boxed cmsmasters-block-default e-con e-parent\" data-id=\"85d76f0\" data-element_type=\"container\">\n\t\t\t\t\t<div class=\"e-con-inner\">\n\t\t<div class=\"elementor-element elementor-element-1dcd065 e-con-full e-flex cmsmasters-block-default e-con e-child\" data-id=\"1dcd065\" data-element_type=\"container\">\n\t\t\t\t<div class=\"elementor-element elementor-element-0b82352 cmsmasters-block-default cmsmasters-sticky-default elementor-widget elementor-widget-heading\" data-id=\"0b82352\" data-element_type=\"widget\" data-widget_type=\"heading.default\">\n\t\t\t\t<div class=\"elementor-widget-container\">\n\t\t\t\t\t<h2 class=\"elementor-heading-title elementor-size-default\">Msgr. Rezza\u2019s Vision: Foundations for the Future<\/h2>\t\t\t\t<\/div>\n\t\t\t\t<\/div>\n\t\t\t\t<div class=\"elementor-element elementor-element-3946885 cmsmasters-block-default cmsmasters-sticky-default elementor-widget elementor-widget-text-editor\" data-id=\"3946885\" data-element_type=\"widget\" data-widget_type=\"text-editor.default\">\n\t\t\t\t<div class=\"elementor-widget-container\">\n\t\t\t\t\t\t\t\t\t<p>The extensive cultural legacy bequeathed to us over the years by the scholarship of Msgr. Rezza\u2014particularly the initiatives he launched while directing the Chapter Archives of St Peter\u2019s Basilica in the Vatican and promoting the creation of the \u201cEdizioni Capitolo Vaticano\u201d\u2014serves as a beacon for the Foundation\u2019s long-term projects. These include the continuation of work on the Treasury of St Peter\u2019s; research in palaeography and in testimonies of spirituality in and around the Vatican over the centuries; and the completion of the History of the Vatican Chapter. Open to collaboration with university institutions as well as to new generations of researchers who wish to take up the baton, the Foundation seeks to foster a culture of charity and to support culture through charitable means.<\/p>\t\t\t\t\t\t\t\t<\/div>\n\t\t\t\t<\/div>\n\t\t\t\t<\/div>\n\t\t<div class=\"elementor-element elementor-element-22f5902 e-con-full e-flex cmsmasters-block-default e-con e-child\" data-id=\"22f5902\" data-element_type=\"container\">\n\t\t\t\t<div class=\"elementor-element elementor-element-3c1a084 cmsmasters-block-default cmsmasters-sticky-default elementor-widget elementor-widget-image\" data-id=\"3c1a084\" data-element_type=\"widget\" data-widget_type=\"image.default\">\n\t\t\t\t<div class=\"elementor-widget-container\">\n\t\t\t\t\t\t\t\t\t\t\t\t\t\t\t<img decoding=\"async\" width=\"685\" height=\"1024\" src=\"https:\/\/fondazionerezza.it\/wp-content\/uploads\/2024\/07\/Mons._Dario_Rezza-1-1-20x30.jpg\" class=\"attachment-large size-large wp-image-40202 cmsmasters_img cmsmasters-lazyload lazyload\" alt=\"\" data-sizes=\"(max-width: 685px) 100vw, 685px\" data-src=\"https:\/\/fondazionerezza.it\/wp-content\/uploads\/2024\/07\/Mons._Dario_Rezza-1-1-685x1024.jpg\" data-srcset=\"https:\/\/fondazionerezza.it\/wp-content\/uploads\/2024\/07\/Mons._Dario_Rezza-1-1-685x1024.jpg 685w, https:\/\/fondazionerezza.it\/wp-content\/uploads\/2024\/07\/Mons._Dario_Rezza-1-1-201x300.jpg 201w, https:\/\/fondazionerezza.it\/wp-content\/uploads\/2024\/07\/Mons._Dario_Rezza-1-1-768x1147.jpg 768w, https:\/\/fondazionerezza.it\/wp-content\/uploads\/2024\/07\/Mons._Dario_Rezza-1-1-1028x1536.jpg 1028w, https:\/\/fondazionerezza.it\/wp-content\/uploads\/2024\/07\/Mons._Dario_Rezza-1-1-30x45.jpg 30w, https:\/\/fondazionerezza.it\/wp-content\/uploads\/2024\/07\/Mons._Dario_Rezza-1-1-20x30.jpg 20w, https:\/\/fondazionerezza.it\/wp-content\/uploads\/2024\/07\/Mons._Dario_Rezza-1-1-7x10.jpg 7w, https:\/\/fondazionerezza.it\/wp-content\/uploads\/2024\/07\/Mons._Dario_Rezza-1-1.jpg 1296w\" srcset=\"https:\/\/fondazionerezza.it\/wp-content\/uploads\/2024\/07\/Mons._Dario_Rezza-1-1-20x30.jpg 20w, https:\/\/fondazionerezza.it\/wp-content\/uploads\/2024\/07\/Mons._Dario_Rezza-1-1-201x300.jpg 201w, https:\/\/fondazionerezza.it\/wp-content\/uploads\/2024\/07\/Mons._Dario_Rezza-1-1-685x1024.jpg 685w, https:\/\/fondazionerezza.it\/wp-content\/uploads\/2024\/07\/Mons._Dario_Rezza-1-1-768x1147.jpg 768w, https:\/\/fondazionerezza.it\/wp-content\/uploads\/2024\/07\/Mons._Dario_Rezza-1-1-1028x1536.jpg 1028w, https:\/\/fondazionerezza.it\/wp-content\/uploads\/2024\/07\/Mons._Dario_Rezza-1-1-30x45.jpg 30w, https:\/\/fondazionerezza.it\/wp-content\/uploads\/2024\/07\/Mons._Dario_Rezza-1-1-7x10.jpg 7w, https:\/\/fondazionerezza.it\/wp-content\/uploads\/2024\/07\/Mons._Dario_Rezza-1-1.jpg 1296w\" sizes=\"(max-width: 685px) 100vw, 685px\" \/>\t\t\t\t\t\t\t\t\t\t\t\t\t\t\t<\/div>\n\t\t\t\t<\/div>\n\t\t\t\t<\/div>\n\t\t\t\t\t<\/div>\n\t\t\t\t<\/div>\n\t\t\t\t<\/div>","protected":false},"excerpt":{"rendered":"<p>Home\u2502No breadcrumbs La Nostra Missione: Cultura e Carit\u00e0 in Azione La Fondazione Rezza &#8211; Pro Cultura et Caritate, costituita per volont\u00e0 del Prof. Mons. Dario Rezza, studioso e canonico del Capitolo Vaticano, \u00e8 un&#8217;organizzazione non lucrativa che persegue esclusivamente finalit\u00e0 di solidariet\u00e0 sociale; composta da confratelli canonici del Capitolo e collaboratori di Mons. Rezza, essa&#8230;<\/p>","protected":false},"author":1,"featured_media":0,"parent":0,"menu_order":0,"comment_status":"closed","ping_status":"closed","template":"","meta":{"_acf_changed":false,"inline_featured_image":false,"footnotes":""},"class_list":["post-26543","page","type-page","status-publish","hentry"],"acf":[],"yoast_head":"<!-- This site is optimized with the Yoast SEO plugin v26.2 - https:\/\/yoast.com\/wordpress\/plugins\/seo\/ -->\n<title>Chi Siamo - Fondazione Rezza Pro Cultura et Caritate<\/title>\n<meta name=\"robots\" content=\"index, follow, max-snippet:-1, max-image-preview:large, max-video-preview:-1\" \/>\n<link rel=\"canonical\" href=\"https:\/\/fondazionerezza.it\/en\/chi-siamo\/\" \/>\n<meta property=\"og:locale\" content=\"en_US\" \/>\n<meta property=\"og:type\" content=\"article\" \/>\n<meta property=\"og:title\" content=\"Chi Siamo - Fondazione Rezza Pro Cultura et Caritate\" \/>\n<meta property=\"og:description\" content=\"Home\u2502No breadcrumbs La Nostra Missione: Cultura e Carit\u00e0 in Azione La Fondazione Rezza &#8211; Pro Cultura et Caritate, costituita per volont\u00e0 del Prof. Mons. Dario Rezza, studioso e canonico del Capitolo Vaticano, \u00e8 un&#8217;organizzazione non lucrativa che persegue esclusivamente finalit\u00e0 di solidariet\u00e0 sociale; composta da confratelli canonici del Capitolo e collaboratori di Mons. Rezza, essa...\" \/>\n<meta property=\"og:url\" content=\"https:\/\/fondazionerezza.it\/en\/chi-siamo\/\" \/>\n<meta property=\"og:site_name\" content=\"Fondazione Rezza Pro Cultura et Caritate\" \/>\n<meta property=\"article:modified_time\" content=\"2025-07-16T17:49:19+00:00\" \/>\n<meta property=\"og:image\" content=\"https:\/\/fondazionerezza.it\/wp-content\/uploads\/2024\/07\/home-7.webp\" \/>\n\t<meta property=\"og:image:width\" content=\"768\" \/>\n\t<meta property=\"og:image:height\" content=\"730\" \/>\n\t<meta property=\"og:image:type\" content=\"image\/webp\" \/>\n<meta name=\"twitter:card\" content=\"summary_large_image\" \/>\n<meta name=\"twitter:label1\" content=\"Est. reading time\" \/>\n\t<meta name=\"twitter:data1\" content=\"2 minutes\" \/>\n<script type=\"application\/ld+json\" class=\"yoast-schema-graph\">{\"@context\":\"https:\/\/schema.org\",\"@graph\":[{\"@type\":\"WebPage\",\"@id\":\"https:\/\/fondazionerezza.it\/chi-siamo\/\",\"url\":\"https:\/\/fondazionerezza.it\/chi-siamo\/\",\"name\":\"Chi Siamo - Fondazione Rezza Pro Cultura et Caritate\",\"isPartOf\":{\"@id\":\"https:\/\/fondazionerezza.it\/#website\"},\"primaryImageOfPage\":{\"@id\":\"https:\/\/fondazionerezza.it\/chi-siamo\/#primaryimage\"},\"image\":{\"@id\":\"https:\/\/fondazionerezza.it\/chi-siamo\/#primaryimage\"},\"thumbnailUrl\":\"https:\/\/fondazionerezza.it\/wp-content\/uploads\/2024\/07\/home-7-30x29.webp\",\"datePublished\":\"2023-12-05T13:32:28+00:00\",\"dateModified\":\"2025-07-16T17:49:19+00:00\",\"breadcrumb\":{\"@id\":\"https:\/\/fondazionerezza.it\/chi-siamo\/#breadcrumb\"},\"inLanguage\":\"en-US\",\"potentialAction\":[{\"@type\":\"ReadAction\",\"target\":[\"https:\/\/fondazionerezza.it\/chi-siamo\/\"]}]},{\"@type\":\"ImageObject\",\"inLanguage\":\"en-US\",\"@id\":\"https:\/\/fondazionerezza.it\/chi-siamo\/#primaryimage\",\"url\":\"https:\/\/fondazionerezza.it\/wp-content\/uploads\/2024\/07\/home-7-30x29.webp\",\"contentUrl\":\"https:\/\/fondazionerezza.it\/wp-content\/uploads\/2024\/07\/home-7-30x29.webp\"},{\"@type\":\"BreadcrumbList\",\"@id\":\"https:\/\/fondazionerezza.it\/chi-siamo\/#breadcrumb\",\"itemListElement\":[{\"@type\":\"ListItem\",\"position\":1,\"name\":\"Home\",\"item\":\"https:\/\/fondazionerezza.it\/\"},{\"@type\":\"ListItem\",\"position\":2,\"name\":\"Chi Siamo\"}]},{\"@type\":\"WebSite\",\"@id\":\"https:\/\/fondazionerezza.it\/#website\",\"url\":\"https:\/\/fondazionerezza.it\/\",\"name\":\"Fondazione Rezza Pro Cultura et Caritate\",\"description\":\"Promuoviamo cultura e carit\u00e0 per il bene comune\",\"potentialAction\":[{\"@type\":\"SearchAction\",\"target\":{\"@type\":\"EntryPoint\",\"urlTemplate\":\"https:\/\/fondazionerezza.it\/?s={search_term_string}\"},\"query-input\":{\"@type\":\"PropertyValueSpecification\",\"valueRequired\":true,\"valueName\":\"search_term_string\"}}],\"inLanguage\":\"en-US\"}]}<\/script>\n<!-- \/ Yoast SEO plugin. -->","yoast_head_json":{"title":"Chi Siamo - Fondazione Rezza Pro Cultura et Caritate","robots":{"index":"index","follow":"follow","max-snippet":"max-snippet:-1","max-image-preview":"max-image-preview:large","max-video-preview":"max-video-preview:-1"},"canonical":"https:\/\/fondazionerezza.it\/en\/chi-siamo\/","og_locale":"en_US","og_type":"article","og_title":"Chi Siamo - Fondazione Rezza Pro Cultura et Caritate","og_description":"Home\u2502No breadcrumbs La Nostra Missione: Cultura e Carit\u00e0 in Azione La Fondazione Rezza &#8211; Pro Cultura et Caritate, costituita per volont\u00e0 del Prof. Mons. Dario Rezza, studioso e canonico del Capitolo Vaticano, \u00e8 un&#8217;organizzazione non lucrativa che persegue esclusivamente finalit\u00e0 di solidariet\u00e0 sociale; composta da confratelli canonici del Capitolo e collaboratori di Mons. Rezza, essa...","og_url":"https:\/\/fondazionerezza.it\/en\/chi-siamo\/","og_site_name":"Fondazione Rezza Pro Cultura et Caritate","article_modified_time":"2025-07-16T17:49:19+00:00","og_image":[{"width":768,"height":730,"url":"https:\/\/fondazionerezza.it\/wp-content\/uploads\/2024\/07\/home-7.webp","type":"image\/webp"}],"twitter_card":"summary_large_image","twitter_misc":{"Est. reading time":"2 minutes"},"schema":{"@context":"https:\/\/schema.org","@graph":[{"@type":"WebPage","@id":"https:\/\/fondazionerezza.it\/chi-siamo\/","url":"https:\/\/fondazionerezza.it\/chi-siamo\/","name":"Chi Siamo - Fondazione Rezza Pro Cultura et Caritate","isPartOf":{"@id":"https:\/\/fondazionerezza.it\/#website"},"primaryImageOfPage":{"@id":"https:\/\/fondazionerezza.it\/chi-siamo\/#primaryimage"},"image":{"@id":"https:\/\/fondazionerezza.it\/chi-siamo\/#primaryimage"},"thumbnailUrl":"https:\/\/fondazionerezza.it\/wp-content\/uploads\/2024\/07\/home-7-30x29.webp","datePublished":"2023-12-05T13:32:28+00:00","dateModified":"2025-07-16T17:49:19+00:00","breadcrumb":{"@id":"https:\/\/fondazionerezza.it\/chi-siamo\/#breadcrumb"},"inLanguage":"en-US","potentialAction":[{"@type":"ReadAction","target":["https:\/\/fondazionerezza.it\/chi-siamo\/"]}]},{"@type":"ImageObject","inLanguage":"en-US","@id":"https:\/\/fondazionerezza.it\/chi-siamo\/#primaryimage","url":"https:\/\/fondazionerezza.it\/wp-content\/uploads\/2024\/07\/home-7-30x29.webp","contentUrl":"https:\/\/fondazionerezza.it\/wp-content\/uploads\/2024\/07\/home-7-30x29.webp"},{"@type":"BreadcrumbList","@id":"https:\/\/fondazionerezza.it\/chi-siamo\/#breadcrumb","itemListElement":[{"@type":"ListItem","position":1,"name":"Home","item":"https:\/\/fondazionerezza.it\/"},{"@type":"ListItem","position":2,"name":"Chi Siamo"}]},{"@type":"WebSite","@id":"https:\/\/fondazionerezza.it\/#website","url":"https:\/\/fondazionerezza.it\/","name":"Rezza Foundation - Pro Cultura et Caritate","description":"We promote culture and charity for the common good","potentialAction":[{"@type":"SearchAction","target":{"@type":"EntryPoint","urlTemplate":"https:\/\/fondazionerezza.it\/?s={search_term_string}"},"query-input":{"@type":"PropertyValueSpecification","valueRequired":true,"valueName":"search_term_string"}}],"inLanguage":"en-US"}]}},"_links":{"self":[{"href":"https:\/\/fondazionerezza.it\/en\/wp-json\/wp\/v2\/pages\/26543","targetHints":{"allow":["GET"]}}],"collection":[{"href":"https:\/\/fondazionerezza.it\/en\/wp-json\/wp\/v2\/pages"}],"about":[{"href":"https:\/\/fondazionerezza.it\/en\/wp-json\/wp\/v2\/types\/page"}],"author":[{"embeddable":true,"href":"https:\/\/fondazionerezza.it\/en\/wp-json\/wp\/v2\/users\/1"}],"replies":[{"embeddable":true,"href":"https:\/\/fondazionerezza.it\/en\/wp-json\/wp\/v2\/comments?post=26543"}],"version-history":[{"count":40,"href":"https:\/\/fondazionerezza.it\/en\/wp-json\/wp\/v2\/pages\/26543\/revisions"}],"predecessor-version":[{"id":40499,"href":"https:\/\/fondazionerezza.it\/en\/wp-json\/wp\/v2\/pages\/26543\/revisions\/40499"}],"wp:attachment":[{"href":"https:\/\/fondazionerezza.it\/en\/wp-json\/wp\/v2\/media?parent=26543"}],"curies":[{"name":"wp","href":"https:\/\/api.w.org\/{rel}","templated":true}]}}